{"id":426,"date":"2021-03-10T00:46:53","date_gmt":"2021-03-10T00:46:53","guid":{"rendered":"https:\/\/blendedfinancecritique.ca\/?page_id=426"},"modified":"2024-09-06T15:33:32","modified_gmt":"2024-09-06T15:33:32","slug":"le-bilan-du-canada","status":"publish","type":"page","link":"https:\/\/blendedfinancecritique.ca\/fr\/le-bilan-du-canada\/","title":{"rendered":"Bilan du Canada en Mati\u00e8re de Financement Mixte"},"content":{"rendered":"\n<p>Apr\u00e8s des r\u00e9ductions constantes des d\u00e9penses de l\u2019aide publique au d\u00e9veloppement (APD) et de l\u2019espace politique sous les conservateurs de Stephen&nbsp;Harper (2006 \u00e0 2015), le financement mixte et l\u2019engagement du secteur priv\u00e9 sont au c\u0153ur du plan du gouvernement du Canada pour relancer le programme de d\u00e9veloppement mondial du Canada.<\/p>\n\n\n\n<p>Bien que les niveaux traditionnels de l\u2019APD continuent de stagner, Affaires mondiales Canada (AMC) a intensifi\u00e9 sa promotion du \u00ab&nbsp;<a href=\"https:\/\/www.international.gc.ca\/world-monde\/issues_development-enjeux_developpement\/priorities-priorites\/fiap_fsd-paif_fdd.aspx?lang=fra\">financement novateur du d\u00e9veloppement durable&nbsp;<\/a>\u00bb et s\u2019est positionn\u00e9 en tant que d\u00e9fenseur du financement mixte. Au Canada, consacrer plus de fonds publics en vertu de l\u2019APD afin de soutenir le secteur priv\u00e9 au nom du &lsquo;d\u00e9veloppement\u2019 est une tendance en constante \u00e9volution par l\u2019entremise de politiques, d\u2019institutions, de fonds et de programmes cr\u00e9\u00e9s pour faciliter l\u2019approche au financement mixte du Canada dans le d\u00e9veloppement international. Vous trouverez ci-dessous quelques exemples du bilan du Canada \u00e0 ce jour.<\/p>\n\n\n\n<h2 class=\"wp-block-heading\"><strong>Institutions<\/strong><\/h2>\n\n\n\n<figure class=\"wp-block-image size-large is-resized\"><img loading=\"lazy\" decoding=\"async\" width=\"1024\" height=\"448\" src=\"https:\/\/blendedfinancecritique.ca\/wp-content\/uploads\/sites\/83\/2024\/08\/Convergence-logo-2-1024x448.png\" alt=\"\" class=\"wp-image-664\" style=\"width:281px;height:auto\" srcset=\"https:\/\/blendedfinancecritique.ca\/wp-content\/uploads\/sites\/83\/2024\/08\/Convergence-logo-2-1024x448.png 1024w, https:\/\/blendedfinancecritique.ca\/wp-content\/uploads\/sites\/83\/2024\/08\/Convergence-logo-2-300x131.png 300w, https:\/\/blendedfinancecritique.ca\/wp-content\/uploads\/sites\/83\/2024\/08\/Convergence-logo-2-768x336.png 768w, https:\/\/blendedfinancecritique.ca\/wp-content\/uploads\/sites\/83\/2024\/08\/Convergence-logo-2-1536x672.png 1536w, https:\/\/blendedfinancecritique.ca\/wp-content\/uploads\/sites\/83\/2024\/08\/Convergence-logo-2-2048x895.png 2048w\" sizes=\"auto, (max-width: 767px) 89vw, (max-width: 1000px) 54vw, (max-width: 1071px) 543px, 580px\" \/><\/figure>\n\n\n\n<p>En 2015, le gouvernement a annonc\u00e9 le lancement de <em>Convergence<\/em> dans le cadre des n\u00e9gociations sur le financement du d\u00e9veloppement \u00e0 Addis-Abeba (\u00c9thiopie). Ayant son si\u00e8ge social \u00e0 Toronto, la plateforme de <em>Convergence <\/em>est un \u00ab&nbsp;r\u00e9seau mondial d\u2019acteurs publics, priv\u00e9s et philanthropiques&nbsp;\u00bb dont le but est de faciliter les ententes de financement mixte avec des donn\u00e9es et l\u2019intelligence. Elle a \u00e9t\u00e9 con\u00e7ue par plusieurs partenaires mondiaux, dont l\u2019ex-minist\u00e8re des Affaires \u00e9trang\u00e8res, du Commerce et du D\u00e9veloppement&nbsp;du Canada (MAECD), maintenant Affaires mondiales Canada (AMC), le Forum \u00e9conomique mondial et divers groupes-conseils du secteur priv\u00e9. En 2024, Convergence continue de <a href=\"https:\/\/www.international.gc.ca\/gac-amc\/publications\/evaluation\/2020\/rdfi_phase3-phase3-irfd.aspx?lang=fra\">d\u00e9pendre largement d\u2019AMC<\/a> pour son budget de fonctionnement, mais a \u00e9galement re\u00e7u des subventions et des contributions du <em>Department of Foreign Affairs and Trade<\/em> de l\u2019Australie et d\u2019acteurs du secteur priv\u00e9 comme les fondations Ford, Citi et MacArthur. Selon AMC, depuis sa cr\u00e9ation, Convergence est devenue le \u00ab&nbsp;<a href=\"https:\/\/www.international.gc.ca\/gac-amc\/publications\/evaluation\/2020\/rdfi_phase3-phase3-irfd.aspx?lang=fra\">leader international expert du financement mixte<\/a>.&nbsp;\u00bb<\/p>\n\n\n\n<figure class=\"wp-block-image size-large is-resized\"><img loading=\"lazy\" decoding=\"async\" width=\"1024\" height=\"686\" src=\"https:\/\/blendedfinancecritique.ca\/wp-content\/uploads\/sites\/83\/2024\/08\/FinDev-Canada-logo-1-1024x686.png\" alt=\"\" class=\"wp-image-666\" style=\"width:272px;height:auto\" srcset=\"https:\/\/blendedfinancecritique.ca\/wp-content\/uploads\/sites\/83\/2024\/08\/FinDev-Canada-logo-1-1024x686.png 1024w, https:\/\/blendedfinancecritique.ca\/wp-content\/uploads\/sites\/83\/2024\/08\/FinDev-Canada-logo-1-300x201.png 300w, https:\/\/blendedfinancecritique.ca\/wp-content\/uploads\/sites\/83\/2024\/08\/FinDev-Canada-logo-1-768x514.png 768w, https:\/\/blendedfinancecritique.ca\/wp-content\/uploads\/sites\/83\/2024\/08\/FinDev-Canada-logo-1.png 1280w\" sizes=\"auto, (max-width: 767px) 89vw, (max-width: 1000px) 54vw, (max-width: 1071px) 543px, 580px\" \/><\/figure>\n\n\n\n<p>En janvier&nbsp;2018, Exportation et d\u00e9veloppement Canada (EDC), l\u2019organisme national de cr\u00e9dit \u00e0 l\u2019exportation, a lanc\u00e9 une filiale, l\u2019Institut de financement du d\u00e9veloppement du Canada<strong> <\/strong>(FinDev). Le mandat de FinDev est d\u2019appuyer \u00ab&nbsp;le secteur priv\u00e9 dans les march\u00e9s en d\u00e9veloppement afin de promouvoir le d\u00e9veloppement durable&nbsp;\u00bb en se concentrant sur la cr\u00e9ation d\u2019emplois (par l\u2019entremise du d\u00e9veloppement des march\u00e9s), l\u2019autonomisation \u00e9conomique des femmes, ainsi que l\u2019adaptation au changement climatique et l\u2019att\u00e9nuation de ses effets. L\u2019institution offre \u00ab&nbsp;des solutions financi\u00e8res telles que la dette, les capitaux propres et les garanties aux clients exer\u00e7ant leurs activit\u00e9s dans des pays en d\u00e9veloppement&nbsp;\u00bb. En date de 2023, on estime que FinDev Canada a re\u00e7u 1,3&nbsp;milliard de dollars par l\u2019entremise d\u2019EDC.<\/p>\n\n\n\n<p>Les efforts de FinDev ciblent exclusivement l\u2019Am\u00e9riques latine, les Cara\u00efbes et l\u2019Afrique subsaharienne en raison d\u2019affirmations \u00e0 l\u2019effet que \u00ab&nbsp;les plus grandes forces et exp\u00e9riences&nbsp;\u00bb du Canada se trouvent dans ces r\u00e9gions g\u00e9ographiques. FinDev cible des investissements dans des secteurs li\u00e9s \u00e0 la \u00ab&nbsp;croissance verte&nbsp;\u00bb (c\u2019est-\u00e0-dire l\u2019\u00e9nergie renouvelable, l\u2019infrastructure, la gestion de l\u2019eau, etc.), l\u2019agriculture et les finances. De plus, tout comme <em>Convergence<\/em>, FinDev met l\u2019accent sur la n\u00e9cessit\u00e9 de \u2018combler le d\u00e9ficit\u2019 dans le financement n\u00e9cessaire pour atteindre les objectifs de d\u00e9veloppement durable (ODD) des Nations Unies.<\/p>\n\n\n\n<p>Bien que le portefeuille de placements de FinDev soit enrob\u00e9 de myst\u00e8re, il continue de cro\u00eetre chaque ann\u00e9e. Entre 2021 et 2024, les engagements sign\u00e9s de FinDev sont pass\u00e9s de 326&nbsp;millions de dollars avec 23&nbsp;clients \u00e0 966&nbsp;millions de dollars am\u00e9ricains avec 46&nbsp;clients. Toutefois, m\u00eame si son <a href=\"https:\/\/www.findevcanada.ca\/fr\/notre-role\/notre-portefeuille\">portefeuille<\/a> croit, la mesure de ses r\u00e9percussions et r\u00e9sultats sur le d\u00e9veloppement est souvent obscure et fortement douteuse. En d\u00e9pit de son \u00e9chec \u00e0 d\u00e9montrer de fa\u00e7on coh\u00e9rente les progr\u00e8s qui ont \u00e9t\u00e9 faits vers ses objectifs de d\u00e9veloppement et des nombreuses critiques par la soci\u00e9t\u00e9 civile quant \u00e0 son approche, le gouvernement du Canada continue d\u2019aller de l\u2019avant avec cette approche financiaris\u00e9e \u00e0 l\u2019aide internationale.<\/p>\n\n\n\n<div class=\"wp-block-buttons is-layout-flex wp-block-buttons-is-layout-flex\">\n<div class=\"wp-block-button\"><a class=\"wp-block-button__link has-vivid-cyan-blue-background-color has-background wp-element-button\" href=\"https:\/\/blendedfinancecritique.ca\/fr\/etudes-de-cas-findev\/\">Voici des \u00e9tudes de cas ici<\/a><\/div>\n<\/div>\n\n\n\n<h2 class=\"wp-block-heading\"><strong>Politiques<\/strong><\/h2>\n\n\n\n<h3 class=\"wp-block-heading\"><strong>Changements \u00e0 la <em>Loi sur la responsabilit\u00e9 en mati\u00e8re d\u2019aide au d\u00e9veloppement officielle <\/em>et \u00e0 la nouvelle <em>Loi sur l\u2019aide financi\u00e8re internationale<\/em><\/strong><\/h3>\n\n\n\n<p>En plus de la cr\u00e9ation de FinDev, le gouvernement f\u00e9d\u00e9ral a \u00e9galement apport\u00e9 des changements importants \u00e0 la <em>Loi sur la responsabilit\u00e9 en mati\u00e8re d\u2019aide au d\u00e9veloppement officielle<\/em> du Canada. Alors qu\u2019avant ces changements l\u2019APD \u00e9tait d\u00e9finie comme \u00e9tant des subventions concessionnelles et des pr\u00eats \u00e0 des conditions tr\u00e8s favorables qui servent \u00e0 am\u00e9liorer le d\u00e9veloppement \u00e9conomique et le niveau de vie des pays en d\u00e9veloppement, le projet de loi&nbsp;C-86 de 2018 a essentiellement \u00e9limin\u00e9 cette d\u00e9finition, accordant aux ministres le pouvoir unilat\u00e9ral de d\u00e9finir l\u2019APD comme bon leur semble. C\u2019est important parce que l\u2019APD peut maintenant \u00eatre utilis\u00e9e pour essentiellement toute offre de financement \u00e0 des gouvernements locaux ou nationaux et cache ainsi de quelle fa\u00e7on les fonds publics parviennent aux pays en d\u00e9veloppement, y compris quels int\u00e9r\u00eats sont servis. <\/p>\n\n\n\n<p>De plus, le projet de loi all\u00e8ge les exigences en mati\u00e8re de rapports, laissant au gouvernement 12&nbsp;mois apr\u00e8s la fin de l\u2019exercice financier pour finaliser son rapport annuel au sujet de l\u2019APD (au lieu de 6&nbsp;mois comme c\u2019\u00e9tait le cas auparavant) et abroge les articles qui exigent que le ministre des Finances d\u00e9pose un rapport additionnel sur les positions et les r\u00e9solutions adopt\u00e9es \u00e0 la Banque mondiale et au FMI. Le projet de loi&nbsp;C-86 promulgue \u00e9galement une nouvelle <em>Loi sur l\u2019aide financi\u00e8re internationale<\/em> qui entoure d\u2019encore plus de myst\u00e8re ce en quoi consiste l\u2019APD, comme les deux&nbsp;mesures mentionn\u00e9es ci-dessus, et r\u00e9duit la transparence et la responsabilit\u00e9. La promulgation de la <em>Loi sur l\u2019aide financi\u00e8re internationale<\/em> permet \u00e9galement l\u2019utilisation de fonds publics pour assurer des pr\u00eats \u00e0 des organismes priv\u00e9s et de la part d\u2019organismes priv\u00e9s, ainsi qu\u2019une d\u00e9pendance accrue aux pr\u00eats plut\u00f4t qu\u2019aux subventions comme principal moyen pour l\u2019offre de l\u2019APD. Cela ouvre la porte \u00e0 des recours illimit\u00e9s au levier financier des march\u00e9s financiers pour financer et garantir par nantissement de titres l\u2019APD et encourage davantage une administration publique fond\u00e9e sur un mod\u00e8le d\u2019entreprise pour l\u2019aide. Ces d\u00e9veloppements augmenteront la financiarisation de l\u2019aide internationale et encourageront les int\u00e9r\u00eats int\u00e9gr\u00e9s du secteur priv\u00e9 dans la politique gouvernementale officielle et les lois.<\/p>\n\n\n\n<h3 class=\"wp-block-heading\"><strong>Fonds et programmes<\/strong><\/h3>\n\n\n\n<h3 class=\"wp-block-heading\"><strong>Le Fonds \u00c9galit\u00e9 et la Politique d\u2019aide internationale f\u00e9ministe<\/strong><\/h3>\n\n\n\n<p>En 2019, le gouvernement du Canada a fait une contribution de 300&nbsp;millions de dollars canadiens (225&nbsp;millions de dollars am\u00e9ricains) afin de cr\u00e9er le Fonds \u00c9galit\u00e9, un <a href=\"https:\/\/www.canada.ca\/fr\/affaires-mondiales\/nouvelles\/2019\/06\/le-canada-et-ses-partenaires-annoncent-de-nouveaux-investissements-qui-profiteront-aux-generations-a-venir-pour-soutenir-les-droits-des-femmes-et-l.html\">projet<\/a> qui a pour but de \u00ab&nbsp;r\u00e9unir les secteurs des subventions, de la philanthropie et de l\u2019investissement au sein d\u2019une m\u00eame plateforme&nbsp;\u00bb afin de mobiliser les ressources pour les organisations et les mouvements de d\u00e9fense des droits des femmes dans les pays en d\u00e9veloppement. Le Fonds affirme promouvoir les objectifs de la Politique d\u2019aide internationale f\u00e9ministe (PAIF) du Canada, y compris les cons\u00e9quences et l\u2019int\u00e9gration d\u2019une approche fond\u00e9e sur le genre dans les investissements avec le financement de multiples intervenants, dont le gouvernement du Canada, des organisations philanthropiques, des investisseurs du secteur priv\u00e9 et des organisations non gouvernementales. Avec un engagement \u00e0 l\u2019\u00e9gard des outils f\u00e9ministes et innovants pour le financement, y compris le financement mixte, le Fonds \u00c9galit\u00e9 <a href=\"https:\/\/www.worldbank.org\/en\/news\/press-release\/2021\/02\/08\/world-bank-launches-sustainable-development-bond-for-rockcreek-and-the-equality-fund-while-raising-awareness-for-gender-equality\">a pour but<\/a> (lien en anglais seulement) de \u00ab&nbsp;d\u00e9gager du nouveau capital pour les organisations et les mouvements de d\u00e9fense des droits des femmes.&nbsp;\u00bb<\/p>\n\n\n\n<p>Pour en apprendre davantage&nbsp;:<\/p>\n\n\n\n<ul class=\"wp-block-list\">\n<li><a href=\"https:\/\/aqoci.qc.ca\/wp-content\/uploads\/2020\/06\/AQOCI_Fiche_Synthese_Finances-Innovantes_nov22_finale.pdf\">La finance \u00ab innovante \u00bb sous la perspective du genre<\/a> (disponible seulement en fran\u00e7ais)<\/li>\n\n\n\n<li><a href=\"https:\/\/pivot.quebec\/2023\/05\/10\/financements-innovants-pour-legalite-de-genre-vers-la-privatisation-du-developpement-international\/\">Financements \u00ab&nbsp;innovants&nbsp;\u00bb pour l\u2019\u00e9galit\u00e9 de genre&nbsp;: vers la privatisation du d\u00e9veloppement international?<\/a> (en fran\u00e7ais)<\/li>\n\n\n\n<li><a href=\"https:\/\/www.mcleodgroup.ca\/2023\/05\/innovative-finance-for-gender-equality-towards-the-privatization-of-international-development\/\">\u201cInnovative\u201d Finance for Gender Equality: Towards the Privatization of International Development?<\/a> (en anglais)<\/li>\n<\/ul>\n\n\n\n<h3 class=\"wp-block-heading\"><strong>Le Programme d\u2019innovation en aide internationale<\/strong><\/h3>\n\n\n\n<p>En 2019, le Canada a lanc\u00e9 le Programme d\u2019innovation en aide internationale (PIAI), un programme pilote de cinq&nbsp;ans (2019 \u00e0 2024) de 900&nbsp;millions de dollars canadiens ciblant des investissements qui aident \u00e0 mobiliser des investissements priv\u00e9s suppl\u00e9mentaires dans les pays en d\u00e9veloppement. Comme tous les programmes de financement mixte du Canada, le PIAI a pour but d\u2019utiliser le financement mixte pour aider \u00e0 augmenter le financement afin d\u2019atteindre les ODD selon trois&nbsp;objectifs&nbsp;: renforcement de march\u00e9s au moyen d\u2019investissements en faveur des populations pauvres; mobiliser les financements publics et priv\u00e9s pour le d\u00e9veloppement durable; et promouvoir l\u2019\u00e9galit\u00e9 des genres. \u00c0 l\u2019origine, le PIAI avait \u00e9t\u00e9 annonc\u00e9 comme \u00e9tant une possibilit\u00e9 de financement \u00e0 divers acteurs canadiens, dont des organisations de coop\u00e9ration au d\u00e9veloppement, bien que tr\u00e8s peu ont pu avoir acc\u00e8s au financement, et nous savons peu de choses au sujet des programmes et des projets qui ont re\u00e7u du financement.<\/p>\n","protected":false},"excerpt":{"rendered":"<p>Apr\u00e8s des r\u00e9ductions constantes des d\u00e9penses de l\u2019aide publique au d\u00e9veloppement (APD) et de l\u2019espace politique sous les conservateurs de Stephen&nbsp;Harper (2006 \u00e0 2015), le financement mixte et l\u2019engagement du secteur priv\u00e9 sont au c\u0153ur du plan du gouvernement du Canada pour relancer le programme de d\u00e9veloppement mondial du Canada. Bien que les niveaux traditionnels &hellip; <\/p>\n<p class=\"link-more\"><a href=\"https:\/\/blendedfinancecritique.ca\/fr\/le-bilan-du-canada\/\" class=\"more-link\">Continue reading<span class=\"screen-reader-text\"> \u00ab\u00a0Bilan du Canada en Mati\u00e8re de Financement Mixte\u00a0\u00bb<\/span><\/a><\/p>\n","protected":false},"author":86,"featured_media":0,"parent":0,"menu_order":0,"comment_status":"closed","ping_status":"closed","template":"","meta":{"footnotes":""},"class_list":["post-426","page","type-page","status-publish","hentry"],"yoast_head":"<!-- This site is optimized with the Yoast SEO plugin v25.9 - https:\/\/yoast.com\/wordpress\/plugins\/seo\/ -->\n<title>Bilan du Canada en Mati\u00e8re de Financement Mixte - Le projet de financement mixte<\/title>\n<meta name=\"robots\" content=\"index, follow, max-snippet:-1, max-image-preview:large, max-video-preview:-1\" \/>\n<link rel=\"canonical\" href=\"https:\/\/blendedfinancecritique.ca\/fr\/le-bilan-du-canada\/\" \/>\n<meta property=\"og:locale\" content=\"fr_FR\" \/>\n<meta property=\"og:type\" content=\"article\" \/>\n<meta property=\"og:title\" content=\"Bilan du Canada en Mati\u00e8re de Financement Mixte - Le projet de financement mixte\" \/>\n<meta property=\"og:description\" content=\"Apr\u00e8s des r\u00e9ductions constantes des d\u00e9penses de l\u2019aide publique au d\u00e9veloppement (APD) et de l\u2019espace politique sous les conservateurs de Stephen&nbsp;Harper (2006 \u00e0 2015), le financement mixte et l\u2019engagement du secteur priv\u00e9 sont au c\u0153ur du plan du gouvernement du Canada pour relancer le programme de d\u00e9veloppement mondial du Canada. Bien que les niveaux traditionnels &hellip; Continue reading &quot;Bilan du Canada en Mati\u00e8re de Financement Mixte&quot;\" \/>\n<meta property=\"og:url\" content=\"https:\/\/blendedfinancecritique.ca\/fr\/le-bilan-du-canada\/\" \/>\n<meta property=\"og:site_name\" content=\"Le projet de financement mixte\" \/>\n<meta property=\"article:modified_time\" content=\"2024-09-06T15:33:32+00:00\" \/>\n<meta property=\"og:image\" content=\"https:\/\/blendedfinancecritique.ca\/wp-content\/uploads\/sites\/83\/2024\/08\/Convergence-logo-2-1024x448.png\" \/>\n<meta name=\"twitter:card\" content=\"summary_large_image\" \/>\n<meta name=\"twitter:label1\" content=\"Est. reading time\" \/>\n\t<meta name=\"twitter:data1\" content=\"2 minutes\" \/>\n<script type=\"application\/ld+json\" class=\"yoast-schema-graph\">{\"@context\":\"https:\/\/schema.org\",\"@graph\":[{\"@type\":\"WebPage\",\"@id\":\"https:\/\/blendedfinancecritique.ca\/fr\/le-bilan-du-canada\/\",\"url\":\"https:\/\/blendedfinancecritique.ca\/fr\/le-bilan-du-canada\/\",\"name\":\"Bilan du Canada en Mati\u00e8re de Financement Mixte - Le projet de financement mixte\",\"isPartOf\":{\"@id\":\"https:\/\/blendedfinancecritique.ca\/fr\/#website\"},\"primaryImageOfPage\":{\"@id\":\"https:\/\/blendedfinancecritique.ca\/fr\/le-bilan-du-canada\/#primaryimage\"},\"image\":{\"@id\":\"https:\/\/blendedfinancecritique.ca\/fr\/le-bilan-du-canada\/#primaryimage\"},\"thumbnailUrl\":\"https:\/\/blendedfinancecritique.ca\/wp-content\/uploads\/sites\/83\/2024\/08\/Convergence-logo-2-1024x448.png\",\"datePublished\":\"2021-03-10T00:46:53+00:00\",\"dateModified\":\"2024-09-06T15:33:32+00:00\",\"breadcrumb\":{\"@id\":\"https:\/\/blendedfinancecritique.ca\/fr\/le-bilan-du-canada\/#breadcrumb\"},\"inLanguage\":\"fr-FR\",\"potentialAction\":[{\"@type\":\"ReadAction\",\"target\":[\"https:\/\/blendedfinancecritique.ca\/fr\/le-bilan-du-canada\/\"]}]},{\"@type\":\"ImageObject\",\"inLanguage\":\"fr-FR\",\"@id\":\"https:\/\/blendedfinancecritique.ca\/fr\/le-bilan-du-canada\/#primaryimage\",\"url\":\"https:\/\/blendedfinancecritique.ca\/wp-content\/uploads\/sites\/83\/2024\/08\/Convergence-logo-2-1024x448.png\",\"contentUrl\":\"https:\/\/blendedfinancecritique.ca\/wp-content\/uploads\/sites\/83\/2024\/08\/Convergence-logo-2-1024x448.png\"},{\"@type\":\"BreadcrumbList\",\"@id\":\"https:\/\/blendedfinancecritique.ca\/fr\/le-bilan-du-canada\/#breadcrumb\",\"itemListElement\":[{\"@type\":\"ListItem\",\"position\":1,\"name\":\"Home\",\"item\":\"https:\/\/blendedfinancecritique.ca\/fr\/\"},{\"@type\":\"ListItem\",\"position\":2,\"name\":\"Bilan du Canada en Mati\u00e8re de Financement Mixte\"}]},{\"@type\":\"WebSite\",\"@id\":\"https:\/\/blendedfinancecritique.ca\/fr\/#website\",\"url\":\"https:\/\/blendedfinancecritique.ca\/fr\/\",\"name\":\"Le projet de financement mixte\",\"description\":\"Une critique de la finance mixte dans l'aide canadienne\",\"potentialAction\":[{\"@type\":\"SearchAction\",\"target\":{\"@type\":\"EntryPoint\",\"urlTemplate\":\"https:\/\/blendedfinancecritique.ca\/fr\/?s={search_term_string}\"},\"query-input\":{\"@type\":\"PropertyValueSpecification\",\"valueRequired\":true,\"valueName\":\"search_term_string\"}}],\"inLanguage\":\"fr-FR\"}]}<\/script>\n<!-- \/ Yoast SEO plugin. -->","yoast_head_json":{"title":"Bilan du Canada en Mati\u00e8re de Financement Mixte - Le projet de financement mixte","robots":{"index":"index","follow":"follow","max-snippet":"max-snippet:-1","max-image-preview":"max-image-preview:large","max-video-preview":"max-video-preview:-1"},"canonical":"https:\/\/blendedfinancecritique.ca\/fr\/le-bilan-du-canada\/","og_locale":"fr_FR","og_type":"article","og_title":"Bilan du Canada en Mati\u00e8re de Financement Mixte - Le projet de financement mixte","og_description":"Apr\u00e8s des r\u00e9ductions constantes des d\u00e9penses de l\u2019aide publique au d\u00e9veloppement (APD) et de l\u2019espace politique sous les conservateurs de Stephen&nbsp;Harper (2006 \u00e0 2015), le financement mixte et l\u2019engagement du secteur priv\u00e9 sont au c\u0153ur du plan du gouvernement du Canada pour relancer le programme de d\u00e9veloppement mondial du Canada. Bien que les niveaux traditionnels &hellip; Continue reading \"Bilan du Canada en Mati\u00e8re de Financement Mixte\"","og_url":"https:\/\/blendedfinancecritique.ca\/fr\/le-bilan-du-canada\/","og_site_name":"Le projet de financement mixte","article_modified_time":"2024-09-06T15:33:32+00:00","og_image":[{"url":"https:\/\/blendedfinancecritique.ca\/wp-content\/uploads\/sites\/83\/2024\/08\/Convergence-logo-2-1024x448.png","type":"","width":"","height":""}],"twitter_card":"summary_large_image","twitter_misc":{"Est. reading time":"2 minutes"},"schema":{"@context":"https:\/\/schema.org","@graph":[{"@type":"WebPage","@id":"https:\/\/blendedfinancecritique.ca\/fr\/le-bilan-du-canada\/","url":"https:\/\/blendedfinancecritique.ca\/fr\/le-bilan-du-canada\/","name":"Bilan du Canada en Mati\u00e8re de Financement Mixte - Le projet de financement mixte","isPartOf":{"@id":"https:\/\/blendedfinancecritique.ca\/fr\/#website"},"primaryImageOfPage":{"@id":"https:\/\/blendedfinancecritique.ca\/fr\/le-bilan-du-canada\/#primaryimage"},"image":{"@id":"https:\/\/blendedfinancecritique.ca\/fr\/le-bilan-du-canada\/#primaryimage"},"thumbnailUrl":"https:\/\/blendedfinancecritique.ca\/wp-content\/uploads\/sites\/83\/2024\/08\/Convergence-logo-2-1024x448.png","datePublished":"2021-03-10T00:46:53+00:00","dateModified":"2024-09-06T15:33:32+00:00","breadcrumb":{"@id":"https:\/\/blendedfinancecritique.ca\/fr\/le-bilan-du-canada\/#breadcrumb"},"inLanguage":"fr-FR","potentialAction":[{"@type":"ReadAction","target":["https:\/\/blendedfinancecritique.ca\/fr\/le-bilan-du-canada\/"]}]},{"@type":"ImageObject","inLanguage":"fr-FR","@id":"https:\/\/blendedfinancecritique.ca\/fr\/le-bilan-du-canada\/#primaryimage","url":"https:\/\/blendedfinancecritique.ca\/wp-content\/uploads\/sites\/83\/2024\/08\/Convergence-logo-2-1024x448.png","contentUrl":"https:\/\/blendedfinancecritique.ca\/wp-content\/uploads\/sites\/83\/2024\/08\/Convergence-logo-2-1024x448.png"},{"@type":"BreadcrumbList","@id":"https:\/\/blendedfinancecritique.ca\/fr\/le-bilan-du-canada\/#breadcrumb","itemListElement":[{"@type":"ListItem","position":1,"name":"Home","item":"https:\/\/blendedfinancecritique.ca\/fr\/"},{"@type":"ListItem","position":2,"name":"Bilan du Canada en Mati\u00e8re de Financement Mixte"}]},{"@type":"WebSite","@id":"https:\/\/blendedfinancecritique.ca\/fr\/#website","url":"https:\/\/blendedfinancecritique.ca\/fr\/","name":"Le projet de financement mixte","description":"Une critique de la finance mixte dans l'aide canadienne","potentialAction":[{"@type":"SearchAction","target":{"@type":"EntryPoint","urlTemplate":"https:\/\/blendedfinancecritique.ca\/fr\/?s={search_term_string}"},"query-input":{"@type":"PropertyValueSpecification","valueRequired":true,"valueName":"search_term_string"}}],"inLanguage":"fr-FR"}]}},"_links":{"self":[{"href":"https:\/\/blendedfinancecritique.ca\/fr\/wp-json\/wp\/v2\/pages\/426","targetHints":{"allow":["GET"]}}],"collection":[{"href":"https:\/\/blendedfinancecritique.ca\/fr\/wp-json\/wp\/v2\/pages"}],"about":[{"href":"https:\/\/blendedfinancecritique.ca\/fr\/wp-json\/wp\/v2\/types\/page"}],"author":[{"embeddable":true,"href":"https:\/\/blendedfinancecritique.ca\/fr\/wp-json\/wp\/v2\/users\/86"}],"replies":[{"embeddable":true,"href":"https:\/\/blendedfinancecritique.ca\/fr\/wp-json\/wp\/v2\/comments?post=426"}],"version-history":[{"count":6,"href":"https:\/\/blendedfinancecritique.ca\/fr\/wp-json\/wp\/v2\/pages\/426\/revisions"}],"predecessor-version":[{"id":695,"href":"https:\/\/blendedfinancecritique.ca\/fr\/wp-json\/wp\/v2\/pages\/426\/revisions\/695"}],"wp:attachment":[{"href":"https:\/\/blendedfinancecritique.ca\/fr\/wp-json\/wp\/v2\/media?parent=426"}],"curies":[{"name":"wp","href":"https:\/\/api.w.org\/{rel}","templated":true}]}}